{"id":735,"date":"2025-05-02T15:03:38","date_gmt":"2025-05-02T15:03:38","guid":{"rendered":"https:\/\/gerontocriminologia.com\/?page_id=735"},"modified":"2025-05-02T15:03:38","modified_gmt":"2025-05-02T15:03:38","slug":"delitos-emergentes-ciberdelito-y-delitos-de-odio","status":"publish","type":"page","link":"https:\/\/gerontocriminologia.com\/?page_id=735","title":{"rendered":"Delitos emergentes: ciberdelito y delitos de odio"},"content":{"rendered":"<div class=\"wp-block-image\">\n<figure class=\"aligncenter size-large\"><a href=\"http:\/\/gerontocriminologia.com\/wp-content\/uploads\/2025\/05\/REFLEX.-3-scaled.png\"><img loading=\"lazy\" decoding=\"async\" width=\"1024\" height=\"120\" src=\"http:\/\/gerontocriminologia.com\/wp-content\/uploads\/2025\/05\/REFLEX.-3-1024x120.png\" alt=\"\" class=\"wp-image-733\" srcset=\"https:\/\/gerontocriminologia.com\/wp-content\/uploads\/2025\/05\/REFLEX.-3-1024x120.png 1024w, https:\/\/gerontocriminologia.com\/wp-content\/uploads\/2025\/05\/REFLEX.-3-300x35.png 300w, https:\/\/gerontocriminologia.com\/wp-content\/uploads\/2025\/05\/REFLEX.-3-768x90.png 768w, https:\/\/gerontocriminologia.com\/wp-content\/uploads\/2025\/05\/REFLEX.-3-1536x180.png 1536w, https:\/\/gerontocriminologia.com\/wp-content\/uploads\/2025\/05\/REFLEX.-3-2048x240.png 2048w\" sizes=\"auto, (max-width: 1024px) 100vw, 1024px\" \/><\/a><\/figure><\/div>\n\n\n<p><\/p>\n\n\n\n<p style=\"font-size:30px\"><strong>Existen delitos como el ciberdelito o los delitos de odio en los que actualmente las personas mayores no son v\u00edctimas num\u00e9ricamente destacadas, pero las cifras y los cambios sociodemogr\u00e1ficos de este grupo invitan a reflexionar qu\u00e9 puede suceder a medio plazo. \u00bfPueden convertirse en delitos emergentes en este grupo de edad?<\/strong><\/p>\n\n\n\n<p><\/p>\n\n\n\n<p style=\"font-size:20px\">En esta sociedad de cambios tan r\u00e1pidos, los delitos cometidos contra las personas mayores no est\u00e1n exentos de estas variaciones. As\u00ed como en el \u00e1mbito criminol\u00f3gico se habla de delitos emergentes para referirse a nuevos tipos de violencia como el bullying o ciberbullying o la violencia filioparental, creo que tambi\u00e9n desde el \u00e1mbito gerontocriminol\u00f3gico es necesario comenzar a prestar atenci\u00f3n a delitos emergentes en relaci\u00f3n con las personas mayores como el ciberdelito y los delitos de odio.<\/p>\n\n\n\n<p style=\"font-size:20px\">Es cierto que, actualmente, este grupo de v\u00edctimas no es tan significativo estad\u00edsticamente como otras edades de poblaci\u00f3n m\u00e1s j\u00f3venes. El ciberdelito es actualmente un fen\u00f3meno m\u00e1s frecuente en poblaci\u00f3n joven y adolescente. Los delitos de odio se cometen principalmente por motivos \u00e9tnicos o religiosos minoritarios o asociados a la identidad y orientaci\u00f3n sexual, aspectos que, a priori, descartar\u00eda a las personas mayores como v\u00edctimas ya que en este grupo de edad no son tan relevantes como en edades m\u00e1s j\u00f3venes perfiles de personas con estas caracter\u00edsticas que generan este tipo de delitos.<\/p>\n\n\n\n<p style=\"font-size:20px\">Sin embargo, el incremento poblacional de las personas mayores y sus nuevos estilos de vida, con una presencia cada vez mayor en el espacio virtual o en el p\u00fablico, ir\u00e1n asociados al desarrollo de factores de riesgo frente a estas victimizaciones. De hecho, las cifras del Anuario Estad\u00edstico del Ministerio del Interior de 2015 y 2014 indican incrementos en este tipo de delitos en este grupo de edad que podr\u00edan ser un indicador de estos cambios.<\/p>\n\n\n\n<p style=\"font-size:20px\">Ante esto se me ocurren algunas reflexiones antes de comenzar a investigar sobre este fen\u00f3meno\u2026<br>As\u00ed, por ejemplo, las personas mayores utilizan cada vez m\u00e1s internet; siendo una generaci\u00f3n con una menor socializaci\u00f3n en estas nuevas tecnolog\u00edas, \u00bfpueden ser m\u00e1s vulnerables frente a este delito?<br>Por otra parte, en la medida en que las personas mayores adquieran m\u00e1s relevancia social y, adem\u00e1s de incrementarse num\u00e9ricamente, comiencen a compartir con otros grupos de edad rasgos que motivan los delitos de odio \u2014identidades y opciones sexuales diferentes a las tradicionales, or\u00edgenes \u00e9tnicos y religiosos distintos a los mayoritarios\u2014\u00bfse incrementar\u00e1 su vulnerabilidad frente a este delito?<\/p>\n\n\n\n<p style=\"font-size:20px\">Sigo reflexionando sobre estos temas\u2026<\/p>\n\n\n\n<p style=\"font-size:20px\">Iratxe Herrero Zarate\u00a92015<\/p>\n","protected":false},"excerpt":{"rendered":"<p>Existen delitos como el ciberdelito o los delitos de odio en los que actualmente las personas mayores no son v\u00edctimas num\u00e9ricamente destacadas, pero las cifras y los cambios sociodemogr\u00e1ficos de este grupo invitan a reflexionar qu\u00e9 puede suceder a medio plazo. \u00bfPueden convertirse en delitos emergentes en este grupo de edad? En esta sociedad de <a class=\"read-more\" href=\"https:\/\/gerontocriminologia.com\/?page_id=735\">Read More<\/a><\/p>\n","protected":false},"author":1,"featured_media":0,"parent":0,"menu_order":0,"comment_status":"closed","ping_status":"closed","template":"","meta":{"footnotes":""},"class_list":["post-735","page","type-page","status-publish","hentry"],"_links":{"self":[{"href":"https:\/\/gerontocriminologia.com\/index.php?rest_route=\/wp\/v2\/pages\/735","targetHints":{"allow":["GET"]}}],"collection":[{"href":"https:\/\/gerontocriminologia.com\/index.php?rest_route=\/wp\/v2\/pages"}],"about":[{"href":"https:\/\/gerontocriminologia.com\/index.php?rest_route=\/wp\/v2\/types\/page"}],"author":[{"embeddable":true,"href":"https:\/\/gerontocriminologia.com\/index.php?rest_route=\/wp\/v2\/users\/1"}],"replies":[{"embeddable":true,"href":"https:\/\/gerontocriminologia.com\/index.php?rest_route=%2Fwp%2Fv2%2Fcomments&post=735"}],"version-history":[{"count":1,"href":"https:\/\/gerontocriminologia.com\/index.php?rest_route=\/wp\/v2\/pages\/735\/revisions"}],"predecessor-version":[{"id":736,"href":"https:\/\/gerontocriminologia.com\/index.php?rest_route=\/wp\/v2\/pages\/735\/revisions\/736"}],"wp:attachment":[{"href":"https:\/\/gerontocriminologia.com\/index.php?rest_route=%2Fwp%2Fv2%2Fmedia&parent=735"}],"curies":[{"name":"wp","href":"https:\/\/api.w.org\/{rel}","templated":true}]}}