{"id":742,"date":"2025-05-02T15:15:30","date_gmt":"2025-05-02T15:15:30","guid":{"rendered":"https:\/\/gerontocriminologia.com\/?page_id=742"},"modified":"2025-05-02T15:15:30","modified_gmt":"2025-05-02T15:15:30","slug":"iratxe-herrero-zarate-3","status":"publish","type":"page","link":"https:\/\/gerontocriminologia.com\/?page_id=742","title":{"rendered":"Iratxe Herrero Zarate"},"content":{"rendered":"\n<p class=\"has-large-font-size\"><strong>Soy gerontocrimin\u00f3loga.<\/strong><\/p>\n\n\n\n<figure class=\"wp-block-gallery has-nested-images columns-default is-cropped wp-block-gallery-1 is-layout-flex wp-block-gallery-is-layout-flex\"><div class=\"wp-block-image is-style-default\">\n<figure class=\"aligncenter size-full\"><a href=\"https:\/\/gerontocriminologia.com\/wp-content\/uploads\/2025\/05\/Foto-Iratxe-web.jpg\"><img loading=\"lazy\" decoding=\"async\" width=\"2560\" height=\"1920\" data-id=\"743\" src=\"https:\/\/gerontocriminologia.com\/wp-content\/uploads\/2025\/05\/Foto-Iratxe-web.jpg\" alt=\"\" class=\"wp-image-743\" srcset=\"https:\/\/gerontocriminologia.com\/wp-content\/uploads\/2025\/05\/Foto-Iratxe-web.jpg 2560w, https:\/\/gerontocriminologia.com\/wp-content\/uploads\/2025\/05\/Foto-Iratxe-web-300x225.jpg 300w, https:\/\/gerontocriminologia.com\/wp-content\/uploads\/2025\/05\/Foto-Iratxe-web-1024x768.jpg 1024w, https:\/\/gerontocriminologia.com\/wp-content\/uploads\/2025\/05\/Foto-Iratxe-web-768x576.jpg 768w, https:\/\/gerontocriminologia.com\/wp-content\/uploads\/2025\/05\/Foto-Iratxe-web-1536x1152.jpg 1536w, https:\/\/gerontocriminologia.com\/wp-content\/uploads\/2025\/05\/Foto-Iratxe-web-2048x1536.jpg 2048w\" sizes=\"auto, (max-width: 2560px) 100vw, 2560px\" \/><\/a><\/figure><\/div><\/figure>\n\n\n\n<p><\/p>\n\n\n\n<p style=\"font-size:20px\">Por titulaci\u00f3n acad\u00e9mica soy soci\u00f3loga, geront\u00f3loga y analista del delito. Por vocaci\u00f3n y experiencia, soy investigadora y comunicadora. Por nombrarme, soy gerontocrimin\u00f3loga.&nbsp;<\/p>\n\n\n\n<p style=\"font-size:20px\">En 1996 comenc\u00e9 a trabajar como soci\u00f3loga y geront\u00f3loga. Despu\u00e9s de una intensa experiencia de como directiva, investigadora y formadora decid\u00ed tomarte un tiempo sab\u00e1tico para conocer nuevas experiencias profesionales y formarme, entre otros temas, en Criminolog\u00eda. Mi objetivo era buscar respuestas criminol\u00f3gicas a los procesos de victimizaci\u00f3n de las personas mayores que complementasen el tratamiento dado a este fen\u00f3meno desde la Gerontolog\u00eda.<\/p>\n\n\n\n<p style=\"font-size:20px\">Posteriormente, al ir adentr\u00e1ndome en este campo de estudio, fui constatando la necesidad de desarrollar un espacio com\u00fan de conocimiento entre ambas disciplinas, de ampliar la perspectiva del concepto de delito contra las personas mayores \u2014que tradicionalmente se ha centrado en el maltrato\u2014 y de contemplar no s\u00f3lo a estas personas como v\u00edctimas sino tambi\u00e9n como sujetos que cometen delitos.<\/p>\n\n\n\n<p style=\"font-size:20px\">Todo ello me llev\u00f3 en 2015 a reorientar mi actividad profesional hacia un nuevo \u00e1mbito innovador al que denomin\u00e9 <em>Gerontocriminolog\u00eda\u00ae<\/em>, d\u00e1ndole un espacio de divulgaci\u00f3n a trav\u00e9s de esta p\u00e1gina web, donde convergen toda mi formaci\u00f3n, experiencia y vocaci\u00f3n en relaci\u00f3n con las personas mayores.<\/p>\n\n\n\n<p><\/p>\n\n\n\n<p class=\"has-large-font-size\"><strong>Premios de investigaci\u00f3n\u00a0<\/strong><\/p>\n\n\n\n<p style=\"font-size:20px\">Mi investigaci\u00f3n <strong>\u201cVictimizaci\u00f3n, miedo al delito y prevenci\u00f3n en personas mayores\u201d<\/strong> ha recibido dos premios:<br><\/p>\n\n\n\n<ul class=\"wp-block-list\">\n<li style=\"font-size:20px\">Premio al Mejor Trabajo Fin de M\u00e1ster en An\u00e1lisis y Prevenci\u00f3n del Crimen, otorgado por la Universidad Miguel Hern\u00e1ndez de Elche-Instituto Cr\u00edmina.<\/li>\n\n\n\n<li style=\"font-size:20px\"><a href=\"https:\/\/hemeroteca.diputacionalicante.es\/un-estudio-sobre-el-miedo-al-delito-en-personas-mayores-y-otro-sobre-infracciones-viarias-se-alzan-con-los-premios-de-ciencias-policiales-2016\/\" data-type=\"link\" data-id=\"https:\/\/hemeroteca.diputacionalicante.es\/un-estudio-sobre-el-miedo-al-delito-en-personas-mayores-y-otro-sobre-infracciones-viarias-se-alzan-con-los-premios-de-ciencias-policiales-2016\/\">Premio de Estudios Policiales Trino Quijano (9\u00aa edici\u00f3n), otorgado por la Asociaci\u00f3n\u00a0\u00a0de Jefes de Polic\u00eda Local de la\u00a0provincia de Alicante<\/a>. <\/li>\n<\/ul>\n\n\n\n<p class=\"has-large-font-size\"><strong>Soy miembro de&#8230;<\/strong><br><\/p>\n\n\n\n<ul class=\"wp-block-list\">\n<li style=\"font-size:20px\">Comisi\u00f3n de Derechos, Deberes y Buen Trato a las Personas Mayores de la Confederaci\u00f3n Espa\u00f1ola de Organizaciones de Mayores-CEOMA,\u00a0<\/li>\n\n\n\n<li style=\"font-size:20px\">Grupo de personas expertas del Seminario de Intervenci\u00f3n en Pol\u00edticas Sociales-SIPOSO,\u00a0<\/li>\n\n\n\n<li style=\"font-size:20px\">Asociaci\u00f3n Vasca de Victimolog\u00eda,<\/li>\n\n\n\n<li style=\"font-size:20px\">Asociaci\u00f3n Vasca de Sociolog\u00eda y Ciencia Pol\u00edtica.<\/li>\n<\/ul>\n","protected":false},"excerpt":{"rendered":"<p>Soy gerontocrimin\u00f3loga. Por titulaci\u00f3n acad\u00e9mica soy soci\u00f3loga, geront\u00f3loga y analista del delito. Por vocaci\u00f3n y experiencia, soy investigadora y comunicadora. Por nombrarme, soy gerontocrimin\u00f3loga.&nbsp; En 1996 comenc\u00e9 a trabajar como soci\u00f3loga y geront\u00f3loga. Despu\u00e9s de una intensa experiencia de como directiva, investigadora y formadora decid\u00ed tomarte un tiempo sab\u00e1tico para conocer nuevas experiencias profesionales y <a class=\"read-more\" href=\"https:\/\/gerontocriminologia.com\/?page_id=742\">Read More<\/a><\/p>\n","protected":false},"author":1,"featured_media":0,"parent":0,"menu_order":0,"comment_status":"closed","ping_status":"closed","template":"","meta":{"footnotes":""},"class_list":["post-742","page","type-page","status-publish","hentry"],"_links":{"self":[{"href":"https:\/\/gerontocriminologia.com\/index.php?rest_route=\/wp\/v2\/pages\/742","targetHints":{"allow":["GET"]}}],"collection":[{"href":"https:\/\/gerontocriminologia.com\/index.php?rest_route=\/wp\/v2\/pages"}],"about":[{"href":"https:\/\/gerontocriminologia.com\/index.php?rest_route=\/wp\/v2\/types\/page"}],"author":[{"embeddable":true,"href":"https:\/\/gerontocriminologia.com\/index.php?rest_route=\/wp\/v2\/users\/1"}],"replies":[{"embeddable":true,"href":"https:\/\/gerontocriminologia.com\/index.php?rest_route=%2Fwp%2Fv2%2Fcomments&post=742"}],"version-history":[{"count":1,"href":"https:\/\/gerontocriminologia.com\/index.php?rest_route=\/wp\/v2\/pages\/742\/revisions"}],"predecessor-version":[{"id":744,"href":"https:\/\/gerontocriminologia.com\/index.php?rest_route=\/wp\/v2\/pages\/742\/revisions\/744"}],"wp:attachment":[{"href":"https:\/\/gerontocriminologia.com\/index.php?rest_route=%2Fwp%2Fv2%2Fmedia&parent=742"}],"curies":[{"name":"wp","href":"https:\/\/api.w.org\/{rel}","templated":true}]}}